{"id":513,"date":"2024-03-21T18:19:57","date_gmt":"2024-03-21T17:19:57","guid":{"rendered":"https:\/\/cafis.uniroma3.it\/?page_id=513"},"modified":"2024-03-22T14:07:51","modified_gmt":"2024-03-22T13:07:51","slug":"faq-percorsi-di-formazione-30-cfu-ex-art-13-d-p-c-m-4-agosto-2023","status":"publish","type":"page","link":"https:\/\/tlcentre.uniroma3.it\/?page_id=513","title":{"rendered":"FAQ &#8211; PERCORSI DI FORMAZIONE 30 CFU  Ex ART. 13 D.P.C.M. 4 AGOSTO 2023"},"content":{"rendered":"<div id=\"pl-513\"  class=\"panel-layout\" ><div id=\"pg-513-0\"  class=\"panel-grid panel-no-style\" ><div id=\"pgc-513-0-0\"  class=\"panel-grid-cell\" ><div id=\"panel-513-0-0-0\" class=\"so-panel widget widget_sow-accordion panel-first-child panel-last-child\" data-index=\"0\" ><div id=\"01\" class=\"panel-widget-style panel-widget-style-for-513-0-0-0\" ><div\n\t\t\t\n\t\t\tclass=\"so-widget-sow-accordion so-widget-sow-accordion-default-d9295f5bfa93-513\"\n\t\t\t\n\t\t><div>\n\t<div class=\"sow-accordion\">\n\t\t\t<div class=\"sow-accordion-panel\n\t\t\t\t\t\"\n\t\t\t\tdata-anchor-id=\"1-dove-posso-trovare-le-informazioni-a-carattere-didattico\">\n\t\t\t\t\t<div class=\"sow-accordion-panel-header-container\" role=\"heading\" aria-level=\"2\">\n\t\t\t\t\t<div class=\"sow-accordion-panel-header\" tabindex=\"0\" role=\"button\" id=\"accordion-label-1-dove-posso-trovare-le-informazioni-a-carattere-didattico\" aria-controls=\"accordion-content-1-dove-posso-trovare-le-informazioni-a-carattere-didattico\" aria-expanded=\"false\">\n\t\t\t\t\t\t<div class=\"sow-accordion-title sow-accordion-title-icon-left\">\n\t\t\t\t\t\t\t\t\t\t\t\t\t\t1.\tDove posso trovare le informazioni a carattere didattico?\t\t\t\t\t\t\t\t\t\t\t\t\t<\/div>\n\t\t\t\t\t\t<div class=\"sow-accordion-open-close-button\">\n\t\t\t\t\t\t\t<div class=\"sow-accordion-open-button\">\n\t\t\t\t\t\t\t\t<span class=\"sow-icon-ionicons\" data-sow-icon=\"&#xf218;\"\n\t\t \n\t\taria-hidden=\"true\"><\/span>\t\t\t\t\t\t\t<\/div>\n\t\t\t\t\t\t\t<div class=\"sow-accordion-close-button\">\n\t\t\t\t\t\t\t\t<span class=\"sow-icon-ionicons\" data-sow-icon=\"&#xf209;\"\n\t\t \n\t\taria-hidden=\"true\"><\/span>\t\t\t\t\t\t\t<\/div>\n\t\t\t\t\t\t<\/div>\n\t\t\t\t\t<\/div>\n\t\t\t\t<\/div>\n\n\t\t\t<div\n\t\t\t\tclass=\"sow-accordion-panel-content\"\n\t\t\t\trole=\"region\"\n\t\t\t\taria-labelledby=\"accordion-label-1-dove-posso-trovare-le-informazioni-a-carattere-didattico\"\n\t\t\t\tid=\"accordion-content-1-dove-posso-trovare-le-informazioni-a-carattere-didattico\"\n\t\t\t\tstyle=\"display: none;\"\t\t\t>\n\t\t\t\t<div class=\"sow-accordion-panel-border\">\n\t\t\t\t\t<p>\u00c8 possibile consultare il sito del Centro di servizio di Ateneo per la Formazione e lo sviluppo professionale degli Insegnanti della Scuola secondaria (<a href=\"https:\/\/cafis.uniroma3.it\/\" target=\"_blank\" rel=\"noopener\"><strong>CAFIS<\/strong><\/a>).<\/p>\n<p>Per informazioni di carattere generale e normativo sull\u2019organizzazione e sulle modalit\u00e0 di svolgimento dei percorsi \u00e8 attiva la casella di posta elettronica <a href=\"mailto:didattica.cafis@uniroma3.it\"><strong>didattica.cafis@uniroma3.it<\/strong><\/a>.<\/p>\n<p>Agli iscritti sar\u00e0 indicata una <strong>casella di posta elettronica dedicata all\u2019organizzazione didattica in riferimento allo specifico percorso di formazione<\/strong>.<\/p>\n<p>Gli iscritti avranno accesso a una <strong>piattaforma e-learning<\/strong> dedicata all\u2019interno della quale saranno disponibili informazioni dettagliate sui percorsi di formazione (calendari, materiale didattico, registrazioni video, collegamenti alle lezioni, forum).<\/p>\n\t\t\t\t<\/div>\n\t\t\t<\/div>\n\t\t<\/div>\n\t\t\t<div class=\"sow-accordion-panel\n\t\t\t\t\t\"\n\t\t\t\tdata-anchor-id=\"2-quando-inizieranno-e-termineranno-i-corsi\">\n\t\t\t\t\t<div class=\"sow-accordion-panel-header-container\" role=\"heading\" aria-level=\"2\">\n\t\t\t\t\t<div class=\"sow-accordion-panel-header\" tabindex=\"0\" role=\"button\" id=\"accordion-label-2-quando-inizieranno-e-termineranno-i-corsi\" aria-controls=\"accordion-content-2-quando-inizieranno-e-termineranno-i-corsi\" aria-expanded=\"false\">\n\t\t\t\t\t\t<div class=\"sow-accordion-title sow-accordion-title-icon-left\">\n\t\t\t\t\t\t\t\t\t\t\t\t\t\t2.\tQuando inizieranno e termineranno i corsi?\t\t\t\t\t\t\t\t\t\t\t\t\t<\/div>\n\t\t\t\t\t\t<div class=\"sow-accordion-open-close-button\">\n\t\t\t\t\t\t\t<div class=\"sow-accordion-open-button\">\n\t\t\t\t\t\t\t\t<span class=\"sow-icon-ionicons\" data-sow-icon=\"&#xf218;\"\n\t\t \n\t\taria-hidden=\"true\"><\/span>\t\t\t\t\t\t\t<\/div>\n\t\t\t\t\t\t\t<div class=\"sow-accordion-close-button\">\n\t\t\t\t\t\t\t\t<span class=\"sow-icon-ionicons\" data-sow-icon=\"&#xf209;\"\n\t\t \n\t\taria-hidden=\"true\"><\/span>\t\t\t\t\t\t\t<\/div>\n\t\t\t\t\t\t<\/div>\n\t\t\t\t\t<\/div>\n\t\t\t\t<\/div>\n\n\t\t\t<div\n\t\t\t\tclass=\"sow-accordion-panel-content\"\n\t\t\t\trole=\"region\"\n\t\t\t\taria-labelledby=\"accordion-label-2-quando-inizieranno-e-termineranno-i-corsi\"\n\t\t\t\tid=\"accordion-content-2-quando-inizieranno-e-termineranno-i-corsi\"\n\t\t\t\tstyle=\"display: none;\"\t\t\t>\n\t\t\t\t<div class=\"sow-accordion-panel-border\">\n\t\t\t\t\t<p>Le attivit\u00e0 didattiche avranno inizio entro il <strong>15 aprile 2024<\/strong> e termineranno, con lo svolgimento della prova finale, entro il <strong>30 giugno 2024.<\/strong><\/p>\n\t\t\t\t<\/div>\n\t\t\t<\/div>\n\t\t<\/div>\n\t\t\t<div class=\"sow-accordion-panel\n\t\t\t\t\t\"\n\t\t\t\tdata-anchor-id=\"3-come-saranno-erogate-le-lezioni\">\n\t\t\t\t\t<div class=\"sow-accordion-panel-header-container\" role=\"heading\" aria-level=\"2\">\n\t\t\t\t\t<div class=\"sow-accordion-panel-header\" tabindex=\"0\" role=\"button\" id=\"accordion-label-3-come-saranno-erogate-le-lezioni\" aria-controls=\"accordion-content-3-come-saranno-erogate-le-lezioni\" aria-expanded=\"false\">\n\t\t\t\t\t\t<div class=\"sow-accordion-title sow-accordion-title-icon-left\">\n\t\t\t\t\t\t\t\t\t\t\t\t\t\t3.\tCome saranno erogate le lezioni?\t\t\t\t\t\t\t\t\t\t\t\t\t<\/div>\n\t\t\t\t\t\t<div class=\"sow-accordion-open-close-button\">\n\t\t\t\t\t\t\t<div class=\"sow-accordion-open-button\">\n\t\t\t\t\t\t\t\t<span class=\"sow-icon-ionicons\" data-sow-icon=\"&#xf218;\"\n\t\t \n\t\taria-hidden=\"true\"><\/span>\t\t\t\t\t\t\t<\/div>\n\t\t\t\t\t\t\t<div class=\"sow-accordion-close-button\">\n\t\t\t\t\t\t\t\t<span class=\"sow-icon-ionicons\" data-sow-icon=\"&#xf209;\"\n\t\t \n\t\taria-hidden=\"true\"><\/span>\t\t\t\t\t\t\t<\/div>\n\t\t\t\t\t\t<\/div>\n\t\t\t\t\t<\/div>\n\t\t\t\t<\/div>\n\n\t\t\t<div\n\t\t\t\tclass=\"sow-accordion-panel-content\"\n\t\t\t\trole=\"region\"\n\t\t\t\taria-labelledby=\"accordion-label-3-come-saranno-erogate-le-lezioni\"\n\t\t\t\tid=\"accordion-content-3-come-saranno-erogate-le-lezioni\"\n\t\t\t\tstyle=\"display: none;\"\t\t\t>\n\t\t\t\t<div class=\"sow-accordion-panel-border\">\n\t\t\t\t\t<p>Le attivit\u00e0 didattiche saranno erogate integralmente <strong>a distanza in modalit\u00e0 telematica sincrona<\/strong>.<\/p>\n<p>Le lezioni saranno fruibili in <em>live streaming<\/em> (in diretta) mediante l\u2019applicativo <strong>Microsoft Teams<\/strong> (utilizzabile sia via web, sia scaricando e istallando la relativa App sul proprio device).<\/p>\n<p>Agli iscritti sar\u00e0 messa a disposizione una <strong>piattaforma e-learning<\/strong> dedicata all\u2019interno della quale saranno disponibili informazioni dettagliate sui percorsi di formazione e materiale didattico (calendari, registrazioni video, link per i collegamenti alle lezioni, forum).<\/p>\n\t\t\t\t<\/div>\n\t\t\t<\/div>\n\t\t<\/div>\n\t\t\t<div class=\"sow-accordion-panel\n\t\t\t\t\t\"\n\t\t\t\tdata-anchor-id=\"4-come-e-strutturato-il-percorso\">\n\t\t\t\t\t<div class=\"sow-accordion-panel-header-container\" role=\"heading\" aria-level=\"2\">\n\t\t\t\t\t<div class=\"sow-accordion-panel-header\" tabindex=\"0\" role=\"button\" id=\"accordion-label-4-come-%c3%a8-strutturato-il-percorso\" aria-controls=\"accordion-content-4-come-%c3%a8-strutturato-il-percorso\" aria-expanded=\"false\">\n\t\t\t\t\t\t<div class=\"sow-accordion-title sow-accordion-title-icon-left\">\n\t\t\t\t\t\t\t\t\t\t\t\t\t\t4.\tCome \u00e8 strutturato il percorso?\t\t\t\t\t\t\t\t\t\t\t\t\t<\/div>\n\t\t\t\t\t\t<div class=\"sow-accordion-open-close-button\">\n\t\t\t\t\t\t\t<div class=\"sow-accordion-open-button\">\n\t\t\t\t\t\t\t\t<span class=\"sow-icon-ionicons\" data-sow-icon=\"&#xf218;\"\n\t\t \n\t\taria-hidden=\"true\"><\/span>\t\t\t\t\t\t\t<\/div>\n\t\t\t\t\t\t\t<div class=\"sow-accordion-close-button\">\n\t\t\t\t\t\t\t\t<span class=\"sow-icon-ionicons\" data-sow-icon=\"&#xf209;\"\n\t\t \n\t\taria-hidden=\"true\"><\/span>\t\t\t\t\t\t\t<\/div>\n\t\t\t\t\t\t<\/div>\n\t\t\t\t\t<\/div>\n\t\t\t\t<\/div>\n\n\t\t\t<div\n\t\t\t\tclass=\"sow-accordion-panel-content\"\n\t\t\t\trole=\"region\"\n\t\t\t\taria-labelledby=\"accordion-label-4-come-%c3%a8-strutturato-il-percorso\"\n\t\t\t\tid=\"accordion-content-4-come-%c3%a8-strutturato-il-percorso\"\n\t\t\t\tstyle=\"display: none;\"\t\t\t>\n\t\t\t\t<div class=\"sow-accordion-panel-border\">\n\t\t\t\t\t<p>I percorsi prevedono l\u2019erogazione di attivit\u00e0 didattiche per <strong>30 CFU <\/strong>nell\u2019ambito delle <strong>Metodologie e tecnologie didattiche applicate alla disciplina di riferimento<\/strong>.<\/p>\n<p>Il percorso si conclude con lo svolgimento di una prova finale da svolgersi <strong>in presenza<\/strong> presso una delle sedi dell\u2019Ateneo.<\/p>\n<p>Non sono previste prove di valutazione in itinere.<\/p>\n<p>Non \u00e8 previsto lo svolgimento di attivit\u00e0 di tirocinio diretto e indiretto.<\/p>\n<p>&nbsp;<\/p>\n\t\t\t\t<\/div>\n\t\t\t<\/div>\n\t\t<\/div>\n\t\t\t<div class=\"sow-accordion-panel\n\t\t\t\t\t\"\n\t\t\t\tdata-anchor-id=\"5-cosa-prevede-la-prova-finale\">\n\t\t\t\t\t<div class=\"sow-accordion-panel-header-container\" role=\"heading\" aria-level=\"2\">\n\t\t\t\t\t<div class=\"sow-accordion-panel-header\" tabindex=\"0\" role=\"button\" id=\"accordion-label-5-cosa-prevede-la-prova-finale\" aria-controls=\"accordion-content-5-cosa-prevede-la-prova-finale\" aria-expanded=\"false\">\n\t\t\t\t\t\t<div class=\"sow-accordion-title sow-accordion-title-icon-left\">\n\t\t\t\t\t\t\t\t\t\t\t\t\t\t5.\tCosa prevede la prova finale?\t\t\t\t\t\t\t\t\t\t\t\t\t<\/div>\n\t\t\t\t\t\t<div class=\"sow-accordion-open-close-button\">\n\t\t\t\t\t\t\t<div class=\"sow-accordion-open-button\">\n\t\t\t\t\t\t\t\t<span class=\"sow-icon-ionicons\" data-sow-icon=\"&#xf218;\"\n\t\t \n\t\taria-hidden=\"true\"><\/span>\t\t\t\t\t\t\t<\/div>\n\t\t\t\t\t\t\t<div class=\"sow-accordion-close-button\">\n\t\t\t\t\t\t\t\t<span class=\"sow-icon-ionicons\" data-sow-icon=\"&#xf209;\"\n\t\t \n\t\taria-hidden=\"true\"><\/span>\t\t\t\t\t\t\t<\/div>\n\t\t\t\t\t\t<\/div>\n\t\t\t\t\t<\/div>\n\t\t\t\t<\/div>\n\n\t\t\t<div\n\t\t\t\tclass=\"sow-accordion-panel-content\"\n\t\t\t\trole=\"region\"\n\t\t\t\taria-labelledby=\"accordion-label-5-cosa-prevede-la-prova-finale\"\n\t\t\t\tid=\"accordion-content-5-cosa-prevede-la-prova-finale\"\n\t\t\t\tstyle=\"display: none;\"\t\t\t>\n\t\t\t\t<div class=\"sow-accordion-panel-border\">\n\t\t\t\t\t<p>La prova finale del percorso di formazione consiste in una <strong>prova scritta<\/strong> e in una <strong>lezione simulata<\/strong>, volte ad accertare l\u2019acquisizione da parte dei candidati delle competenze professionali del profilo di cui all\u2019allegato A al DPCM 4 agosto 2023.<\/p>\n<p>La prova scritta consiste in un intervento di progettazione didattica innovativa, anche mediante il ricorso a tecnologie digitali multimediali, inerente alla disciplina o alle discipline della classe di concorso per la quale \u00e8 conseguita l\u2019abilitazione.<\/p>\n<p>La lezione simulata, su tema <strong>proposto dalla commissione<\/strong> con un anticipo di almeno quarantotto ore, ha una durata massima di quarantacinque minuti, \u00e8 progettata anche mediante tecnologie digitali multimediali, \u00e8 sviluppata con didattica innovativa ed \u00e8 accompagnata dall\u2019illustrazione delle scelte contenutistiche, didattiche e metodologiche compiute in riferimento al percorso di formazione iniziale relativo alla specifica classe di concorso.<\/p>\n<p>Sia la prova finale che la lezione simulata si svolgeranno <strong>in presenza<\/strong>.<\/p>\n\t\t\t\t<\/div>\n\t\t\t<\/div>\n\t\t<\/div>\n\t\t\t<div class=\"sow-accordion-panel\n\t\t\t\t\t\"\n\t\t\t\tdata-anchor-id=\"6-quando-e-dove-si-svolgeranno-le-prove-finali\">\n\t\t\t\t\t<div class=\"sow-accordion-panel-header-container\" role=\"heading\" aria-level=\"2\">\n\t\t\t\t\t<div class=\"sow-accordion-panel-header\" tabindex=\"0\" role=\"button\" id=\"accordion-label-6-quando-e-dove-si-svolgeranno-le-prove-finali\" aria-controls=\"accordion-content-6-quando-e-dove-si-svolgeranno-le-prove-finali\" aria-expanded=\"false\">\n\t\t\t\t\t\t<div class=\"sow-accordion-title sow-accordion-title-icon-left\">\n\t\t\t\t\t\t\t\t\t\t\t\t\t\t6.\tQuando e dove si svolgeranno le prove finali?\t\t\t\t\t\t\t\t\t\t\t\t\t<\/div>\n\t\t\t\t\t\t<div class=\"sow-accordion-open-close-button\">\n\t\t\t\t\t\t\t<div class=\"sow-accordion-open-button\">\n\t\t\t\t\t\t\t\t<span class=\"sow-icon-ionicons\" data-sow-icon=\"&#xf218;\"\n\t\t \n\t\taria-hidden=\"true\"><\/span>\t\t\t\t\t\t\t<\/div>\n\t\t\t\t\t\t\t<div class=\"sow-accordion-close-button\">\n\t\t\t\t\t\t\t\t<span class=\"sow-icon-ionicons\" data-sow-icon=\"&#xf209;\"\n\t\t \n\t\taria-hidden=\"true\"><\/span>\t\t\t\t\t\t\t<\/div>\n\t\t\t\t\t\t<\/div>\n\t\t\t\t\t<\/div>\n\t\t\t\t<\/div>\n\n\t\t\t<div\n\t\t\t\tclass=\"sow-accordion-panel-content\"\n\t\t\t\trole=\"region\"\n\t\t\t\taria-labelledby=\"accordion-label-6-quando-e-dove-si-svolgeranno-le-prove-finali\"\n\t\t\t\tid=\"accordion-content-6-quando-e-dove-si-svolgeranno-le-prove-finali\"\n\t\t\t\tstyle=\"display: none;\"\t\t\t>\n\t\t\t\t<div class=\"sow-accordion-panel-border\">\n\t\t\t\t\t<p>Le <strong>prove finali<\/strong> si svolgeranno nel mese di <strong>giugno<\/strong> presso una o pi\u00f9 sedi dell\u2019Universit\u00e0 degli Studi Roma Tre.<\/p>\n<p>Per lo svolgimento della prova scritta saranno definite una o pi\u00f9 date.<\/p>\n<p>Le lezioni simulate si svolgeranno nell\u2019arco di una o pi\u00f9 giornate in funzione del numero dei candidati e della disponibilit\u00e0 delle sedi destinate a ospitare le prove.<\/p>\n<p>Nella calendarizzazione delle prove si terr\u00e0 conto di eventuali sovrapposizioni con impegni scolastici comunicati anticipatamente dai candidati.<\/p>\n\t\t\t\t<\/div>\n\t\t\t<\/div>\n\t\t<\/div>\n\t\t\t<div class=\"sow-accordion-panel\n\t\t\t\t\t\"\n\t\t\t\tdata-anchor-id=\"7-e-previsto-un-numero-minimo-di-iscritti-per-ciascun-percorso-per-consentirne-lattivazione\">\n\t\t\t\t\t<div class=\"sow-accordion-panel-header-container\" role=\"heading\" aria-level=\"2\">\n\t\t\t\t\t<div class=\"sow-accordion-panel-header\" tabindex=\"0\" role=\"button\" id=\"accordion-label-7-%c3%a8-previsto-un-numero-minimo-di-iscritti-per-ciascun-percorso-per-consentirne-l%e2%80%99attivazione\" aria-controls=\"accordion-content-7-%c3%a8-previsto-un-numero-minimo-di-iscritti-per-ciascun-percorso-per-consentirne-l%e2%80%99attivazione\" aria-expanded=\"false\">\n\t\t\t\t\t\t<div class=\"sow-accordion-title sow-accordion-title-icon-left\">\n\t\t\t\t\t\t\t\t\t\t\t\t\t\t7.\t\u00c8 previsto un numero minimo di iscritti per ciascun percorso per consentirne l\u2019attivazione?\t\t\t\t\t\t\t\t\t\t\t\t\t<\/div>\n\t\t\t\t\t\t<div class=\"sow-accordion-open-close-button\">\n\t\t\t\t\t\t\t<div class=\"sow-accordion-open-button\">\n\t\t\t\t\t\t\t\t<span class=\"sow-icon-ionicons\" data-sow-icon=\"&#xf218;\"\n\t\t \n\t\taria-hidden=\"true\"><\/span>\t\t\t\t\t\t\t<\/div>\n\t\t\t\t\t\t\t<div class=\"sow-accordion-close-button\">\n\t\t\t\t\t\t\t\t<span class=\"sow-icon-ionicons\" data-sow-icon=\"&#xf209;\"\n\t\t \n\t\taria-hidden=\"true\"><\/span>\t\t\t\t\t\t\t<\/div>\n\t\t\t\t\t\t<\/div>\n\t\t\t\t\t<\/div>\n\t\t\t\t<\/div>\n\n\t\t\t<div\n\t\t\t\tclass=\"sow-accordion-panel-content\"\n\t\t\t\trole=\"region\"\n\t\t\t\taria-labelledby=\"accordion-label-7-%c3%a8-previsto-un-numero-minimo-di-iscritti-per-ciascun-percorso-per-consentirne-l%e2%80%99attivazione\"\n\t\t\t\tid=\"accordion-content-7-%c3%a8-previsto-un-numero-minimo-di-iscritti-per-ciascun-percorso-per-consentirne-l%e2%80%99attivazione\"\n\t\t\t\tstyle=\"display: none;\"\t\t\t>\n\t\t\t\t<div class=\"sow-accordion-panel-border\">\n\t\t\t\t\t<p>Non \u00e8 previsto un numero minimo di iscritti per ciascun percorso.<\/p>\n\t\t\t\t<\/div>\n\t\t\t<\/div>\n\t\t<\/div>\n\t\t\t<div class=\"sow-accordion-panel\n\t\t\t\t\t\"\n\t\t\t\tdata-anchor-id=\"8-qual-e-il-calendario-delle-lezioni\">\n\t\t\t\t\t<div class=\"sow-accordion-panel-header-container\" role=\"heading\" aria-level=\"2\">\n\t\t\t\t\t<div class=\"sow-accordion-panel-header\" tabindex=\"0\" role=\"button\" id=\"accordion-label-8-qual-%c3%a8-il-calendario-delle-lezioni\" aria-controls=\"accordion-content-8-qual-%c3%a8-il-calendario-delle-lezioni\" aria-expanded=\"false\">\n\t\t\t\t\t\t<div class=\"sow-accordion-title sow-accordion-title-icon-left\">\n\t\t\t\t\t\t\t\t\t\t\t\t\t\t8.\tQual \u00e8 il calendario delle lezioni?\t\t\t\t\t\t\t\t\t\t\t\t\t<\/div>\n\t\t\t\t\t\t<div class=\"sow-accordion-open-close-button\">\n\t\t\t\t\t\t\t<div class=\"sow-accordion-open-button\">\n\t\t\t\t\t\t\t\t<span class=\"sow-icon-ionicons\" data-sow-icon=\"&#xf218;\"\n\t\t \n\t\taria-hidden=\"true\"><\/span>\t\t\t\t\t\t\t<\/div>\n\t\t\t\t\t\t\t<div class=\"sow-accordion-close-button\">\n\t\t\t\t\t\t\t\t<span class=\"sow-icon-ionicons\" data-sow-icon=\"&#xf209;\"\n\t\t \n\t\taria-hidden=\"true\"><\/span>\t\t\t\t\t\t\t<\/div>\n\t\t\t\t\t\t<\/div>\n\t\t\t\t\t<\/div>\n\t\t\t\t<\/div>\n\n\t\t\t<div\n\t\t\t\tclass=\"sow-accordion-panel-content\"\n\t\t\t\trole=\"region\"\n\t\t\t\taria-labelledby=\"accordion-label-8-qual-%c3%a8-il-calendario-delle-lezioni\"\n\t\t\t\tid=\"accordion-content-8-qual-%c3%a8-il-calendario-delle-lezioni\"\n\t\t\t\tstyle=\"display: none;\"\t\t\t>\n\t\t\t\t<div class=\"sow-accordion-panel-border\">\n\t\t\t\t\t<p>Il calendario delle lezioni nei dettagli per ciascun percorso sar\u00e0 comunicato entro la chiusura delle iscrizioni.<\/p>\n<p>Il corso sar\u00e0 intensivo e, al netto delle assenze consentite, impegner\u00e0 complessivamente circa 30 giorni compresi nel periodo 15 aprile-30 giugno.<\/p>\n<p>In generale, le attivit\u00e0 didattiche si svolgeranno nei seguenti giorni e all\u2019interno delle seguenti fasce orarie:<\/p>\n<p><strong>dal luned\u00ec al venerd\u00ec in un orario compreso tra le ore 15:30 e le ore 21:00<\/strong>;<\/p>\n<p><strong>il sabato in un orario compreso tra le ore 9:00 e le ore 21:00<\/strong>.<\/p>\n<p>Ciascun percorso di formazione avr\u00e0 uno specifico calendario nei limiti dei giorni e delle fasce orarie sopra riportate.<\/p>\n<p><strong><u>Non saranno tuttavia impegnati sistematicamente tutti i giorni di ciascuna settimana di corso<\/u><\/strong><u>. <\/u><\/p>\n\t\t\t\t<\/div>\n\t\t\t<\/div>\n\t\t<\/div>\n\t\t\t<div class=\"sow-accordion-panel\n\t\t\t\t\t\"\n\t\t\t\tdata-anchor-id=\"9-e-previsto-il-riconoscimento-dei-cfu-nellambito-dei-percorsi\">\n\t\t\t\t\t<div class=\"sow-accordion-panel-header-container\" role=\"heading\" aria-level=\"2\">\n\t\t\t\t\t<div class=\"sow-accordion-panel-header\" tabindex=\"0\" role=\"button\" id=\"accordion-label-9-%c3%a8-previsto-il-riconoscimento-dei-cfu-nell%e2%80%99ambito-dei-percorsi\" aria-controls=\"accordion-content-9-%c3%a8-previsto-il-riconoscimento-dei-cfu-nell%e2%80%99ambito-dei-percorsi\" aria-expanded=\"false\">\n\t\t\t\t\t\t<div class=\"sow-accordion-title sow-accordion-title-icon-left\">\n\t\t\t\t\t\t\t\t\t\t\t\t\t\t9.\t\u00c8 previsto il riconoscimento dei CFU nell\u2019ambito dei percorsi?\t\t\t\t\t\t\t\t\t\t\t\t\t<\/div>\n\t\t\t\t\t\t<div class=\"sow-accordion-open-close-button\">\n\t\t\t\t\t\t\t<div class=\"sow-accordion-open-button\">\n\t\t\t\t\t\t\t\t<span class=\"sow-icon-ionicons\" data-sow-icon=\"&#xf218;\"\n\t\t \n\t\taria-hidden=\"true\"><\/span>\t\t\t\t\t\t\t<\/div>\n\t\t\t\t\t\t\t<div class=\"sow-accordion-close-button\">\n\t\t\t\t\t\t\t\t<span class=\"sow-icon-ionicons\" data-sow-icon=\"&#xf209;\"\n\t\t \n\t\taria-hidden=\"true\"><\/span>\t\t\t\t\t\t\t<\/div>\n\t\t\t\t\t\t<\/div>\n\t\t\t\t\t<\/div>\n\t\t\t\t<\/div>\n\n\t\t\t<div\n\t\t\t\tclass=\"sow-accordion-panel-content\"\n\t\t\t\trole=\"region\"\n\t\t\t\taria-labelledby=\"accordion-label-9-%c3%a8-previsto-il-riconoscimento-dei-cfu-nell%e2%80%99ambito-dei-percorsi\"\n\t\t\t\tid=\"accordion-content-9-%c3%a8-previsto-il-riconoscimento-dei-cfu-nell%e2%80%99ambito-dei-percorsi\"\n\t\t\t\tstyle=\"display: none;\"\t\t\t>\n\t\t\t\t<div class=\"sow-accordion-panel-border\">\n\t\t\t\t\t<p>L\u2019art. 13 del DPCM 4 agosto 2023, che disciplina i percorsi di formazione da 30 CFU finalizzati al conseguimento di ulteriori abilitazioni, non prevede il riconoscimento dei CFU conseguiti nei corsi di studio universitari o accademici precedenti. I centri di formazione stabiliscono i contenuti dei 30 CFU da acquisire sulla base delle competenze definite nel profilo del docente abilitato di cui all\u2019allegato A al DPCM 4 agosto 2023.<\/p>\n<p>I contenuti dei 30 CFU nell\u2019ambito dei percorsi di formazione attivati dall\u2019Universit\u00e0 degli Studi Roma Tre sono pensati e costruiti in maniera tale da consentire a coloro che sono gi\u00e0 in possesso di un\u2019abilitazione e\/o della specializzazione sul sostegno di acquisire le competenze professionali del docente abilitato di cui all\u2019allegato A al DPCM.<\/p>\n<p>&nbsp;<\/p>\n<p><u>\u00a0<\/u><\/p>\n\t\t\t\t<\/div>\n\t\t\t<\/div>\n\t\t<\/div>\n\t\t\t<div class=\"sow-accordion-panel\n\t\t\t\t\t\"\n\t\t\t\tdata-anchor-id=\"10-e-prevista-la-frequenza-obbligatoria\">\n\t\t\t\t\t<div class=\"sow-accordion-panel-header-container\" role=\"heading\" aria-level=\"2\">\n\t\t\t\t\t<div class=\"sow-accordion-panel-header\" tabindex=\"0\" role=\"button\" id=\"accordion-label-10-%c3%a8-prevista-la-frequenza-obbligatoria\" aria-controls=\"accordion-content-10-%c3%a8-prevista-la-frequenza-obbligatoria\" aria-expanded=\"false\">\n\t\t\t\t\t\t<div class=\"sow-accordion-title sow-accordion-title-icon-left\">\n\t\t\t\t\t\t\t\t\t\t\t\t\t\t10.\t\u00c8 prevista la frequenza obbligatoria?\t\t\t\t\t\t\t\t\t\t\t\t\t<\/div>\n\t\t\t\t\t\t<div class=\"sow-accordion-open-close-button\">\n\t\t\t\t\t\t\t<div class=\"sow-accordion-open-button\">\n\t\t\t\t\t\t\t\t<span class=\"sow-icon-ionicons\" data-sow-icon=\"&#xf218;\"\n\t\t \n\t\taria-hidden=\"true\"><\/span>\t\t\t\t\t\t\t<\/div>\n\t\t\t\t\t\t\t<div class=\"sow-accordion-close-button\">\n\t\t\t\t\t\t\t\t<span class=\"sow-icon-ionicons\" data-sow-icon=\"&#xf209;\"\n\t\t \n\t\taria-hidden=\"true\"><\/span>\t\t\t\t\t\t\t<\/div>\n\t\t\t\t\t\t<\/div>\n\t\t\t\t\t<\/div>\n\t\t\t\t<\/div>\n\n\t\t\t<div\n\t\t\t\tclass=\"sow-accordion-panel-content\"\n\t\t\t\trole=\"region\"\n\t\t\t\taria-labelledby=\"accordion-label-10-%c3%a8-prevista-la-frequenza-obbligatoria\"\n\t\t\t\tid=\"accordion-content-10-%c3%a8-prevista-la-frequenza-obbligatoria\"\n\t\t\t\tstyle=\"display: none;\"\t\t\t>\n\t\t\t\t<div class=\"sow-accordion-panel-border\">\n\t\t\t\t\t<p><strong>La frequenza ai percorsi \u00e8 obbligatoria.<\/strong><\/p>\n<p>Ai fini dell\u2019accesso alla prova finale \u00e8 necessaria una percentuale minima di frequenza pari al 70% del totale.<\/p>\n<p>\u00c8 consentita quindi una percentuale di assenze fino al 30% del totale.<\/p>\n<p>La percentuale di frequenza\/assenze sar\u00e0 calcolata sul numero totale dei CFU erogati:<\/p>\n<p><strong>Frequenza richiesta (70% del totale = 21 CFU)<\/strong><\/p>\n<p><strong>Assenze consentite (30% del totale = 9 CFU)<\/strong><\/p>\n<p>Le presenze saranno registrate mediante la compilazione di un apposito form messo a disposizione dai tutor d\u2019aula e avverr\u00e0 in un momento successivo all\u2019inizio della lezione, tenendo conto degli impegni lavorativi dei docenti iscritti ai percorsi.<\/p>\n<p>La frequenza totale sar\u00e0 conteggiata prima dello svolgimento della prova finale.<\/p>\n<p>Chi non avesse raggiunto la percentuale minima di frequenza richiesta non sar\u00e0 ammesso alla prova finale.<\/p>\n\t\t\t\t<\/div>\n\t\t\t<\/div>\n\t\t<\/div>\n\t\t\t<div class=\"sow-accordion-panel\n\t\t\t\t\t\"\n\t\t\t\tdata-anchor-id=\"11-e-prevista-la-possibilita-di-recuperare-le-lezioni-perse\">\n\t\t\t\t\t<div class=\"sow-accordion-panel-header-container\" role=\"heading\" aria-level=\"2\">\n\t\t\t\t\t<div class=\"sow-accordion-panel-header\" tabindex=\"0\" role=\"button\" id=\"accordion-label-11-%c3%a8-prevista-la-possibilit%c3%a0-di-recuperare-le-lezioni-perse\" aria-controls=\"accordion-content-11-%c3%a8-prevista-la-possibilit%c3%a0-di-recuperare-le-lezioni-perse\" aria-expanded=\"false\">\n\t\t\t\t\t\t<div class=\"sow-accordion-title sow-accordion-title-icon-left\">\n\t\t\t\t\t\t\t\t\t\t\t\t\t\t11.\t\u00c8 prevista la possibilit\u00e0 di recuperare le lezioni perse?\t\t\t\t\t\t\t\t\t\t\t\t\t<\/div>\n\t\t\t\t\t\t<div class=\"sow-accordion-open-close-button\">\n\t\t\t\t\t\t\t<div class=\"sow-accordion-open-button\">\n\t\t\t\t\t\t\t\t<span class=\"sow-icon-ionicons\" data-sow-icon=\"&#xf218;\"\n\t\t \n\t\taria-hidden=\"true\"><\/span>\t\t\t\t\t\t\t<\/div>\n\t\t\t\t\t\t\t<div class=\"sow-accordion-close-button\">\n\t\t\t\t\t\t\t\t<span class=\"sow-icon-ionicons\" data-sow-icon=\"&#xf209;\"\n\t\t \n\t\taria-hidden=\"true\"><\/span>\t\t\t\t\t\t\t<\/div>\n\t\t\t\t\t\t<\/div>\n\t\t\t\t\t<\/div>\n\t\t\t\t<\/div>\n\n\t\t\t<div\n\t\t\t\tclass=\"sow-accordion-panel-content\"\n\t\t\t\trole=\"region\"\n\t\t\t\taria-labelledby=\"accordion-label-11-%c3%a8-prevista-la-possibilit%c3%a0-di-recuperare-le-lezioni-perse\"\n\t\t\t\tid=\"accordion-content-11-%c3%a8-prevista-la-possibilit%c3%a0-di-recuperare-le-lezioni-perse\"\n\t\t\t\tstyle=\"display: none;\"\t\t\t>\n\t\t\t\t<div class=\"sow-accordion-panel-border\">\n\t\t\t\t\t<p>In considerazione del fitto calendario di attivit\u00e0 previste non \u00e8 prevista, di norma, la calendarizzazione di lezioni di recupero.<\/p>\n<p>Il Consiglio Didattico di ciascun percorso si riserva la possibilit\u00e0 di calendarizzare delle lezioni di recupero di singoli insegnamenti in relazione alla numerosit\u00e0 delle assenze e fatta salva la disponibilit\u00e0 dei docenti.<\/p>\n<p>In ogni caso sar\u00e0 possibile fruire delle lezioni non frequentate anche in modalit\u00e0 asincrona\/<em>on demand<\/em> (le registrazioni video delle lezioni saranno sempre disponibili sulla <a href=\"https:\/\/5cfu.uniroma3.it\/\">piattaforma e-learning<\/a>); le lezioni fruite in tale modalit\u00e0 non concorreranno all\u2019assolvimento degli obblighi di frequenza.<\/p>\n\t\t\t\t<\/div>\n\t\t\t<\/div>\n\t\t<\/div>\n\t\t\t<div class=\"sow-accordion-panel\n\t\t\t\t\t\"\n\t\t\t\tdata-anchor-id=\"12-e-possibile-utilizzare-la-carta-del-docente-per-il-pagamento-delle-quote-di-iscrizione-ai-percorsi\">\n\t\t\t\t\t<div class=\"sow-accordion-panel-header-container\" role=\"heading\" aria-level=\"2\">\n\t\t\t\t\t<div class=\"sow-accordion-panel-header\" tabindex=\"0\" role=\"button\" id=\"accordion-label-12-e%e2%80%99-possibile-utilizzare-la-carta-del-docente-per-il-pagamento-delle-quote-di-iscrizione-ai-percorsi\" aria-controls=\"accordion-content-12-e%e2%80%99-possibile-utilizzare-la-carta-del-docente-per-il-pagamento-delle-quote-di-iscrizione-ai-percorsi\" aria-expanded=\"false\">\n\t\t\t\t\t\t<div class=\"sow-accordion-title sow-accordion-title-icon-left\">\n\t\t\t\t\t\t\t\t\t\t\t\t\t\t12.\tE\u2019 possibile utilizzare la Carta del Docente per il pagamento delle quote di iscrizione ai percorsi?\t\t\t\t\t\t\t\t\t\t\t\t\t<\/div>\n\t\t\t\t\t\t<div class=\"sow-accordion-open-close-button\">\n\t\t\t\t\t\t\t<div class=\"sow-accordion-open-button\">\n\t\t\t\t\t\t\t\t<span class=\"sow-icon-ionicons\" data-sow-icon=\"&#xf218;\"\n\t\t \n\t\taria-hidden=\"true\"><\/span>\t\t\t\t\t\t\t<\/div>\n\t\t\t\t\t\t\t<div class=\"sow-accordion-close-button\">\n\t\t\t\t\t\t\t\t<span class=\"sow-icon-ionicons\" data-sow-icon=\"&#xf209;\"\n\t\t \n\t\taria-hidden=\"true\"><\/span>\t\t\t\t\t\t\t<\/div>\n\t\t\t\t\t\t<\/div>\n\t\t\t\t\t<\/div>\n\t\t\t\t<\/div>\n\n\t\t\t<div\n\t\t\t\tclass=\"sow-accordion-panel-content\"\n\t\t\t\trole=\"region\"\n\t\t\t\taria-labelledby=\"accordion-label-12-e%e2%80%99-possibile-utilizzare-la-carta-del-docente-per-il-pagamento-delle-quote-di-iscrizione-ai-percorsi\"\n\t\t\t\tid=\"accordion-content-12-e%e2%80%99-possibile-utilizzare-la-carta-del-docente-per-il-pagamento-delle-quote-di-iscrizione-ai-percorsi\"\n\t\t\t\tstyle=\"display: none;\"\t\t\t>\n\t\t\t\t<div class=\"sow-accordion-panel-border\">\n\t\t\t\t\t<p>\u00c8 possibile utilizzare il bonus per il pagamento del contributo di iscrizione. Il bonus non \u00e8 utilizzabile per il pagamento dell\u2019imposta di bollo (16 \u20ac)<\/p>\n<p>Per utilizzare il bonus \u00e8 necessario collegarsi alla piattaforma Carta del docente e seguire le seguenti istruzioni:<\/p>\n<ul>\n<li>accedere dal men\u00f9 alla pagina \u201ccrea buono\u201d utilizzando la causale \u201cCorsi Post Lauream\u201d;<\/li>\n<li>inserire l\u2019importo del buono: la cifra deve essere corrispondente o inferiore a quella dovuta per i contributi addebitati in GOMP;<\/li>\n<li>inviare il buono emesso all\u2019indirizzo mail: <a href=\"mailto:formazioneinsegnanti@uniroma3.it\">formazioneinsegnanti@uniroma3.it<\/a>;<\/li>\n<li>ricevuto il buono, l\u2019Ufficio provveder\u00e0 all\u2019acquisizione dalla piattaforma del MIUR e all\u2019inserimento del relativo pagamento in GOMP. Qualora il valore del buono sia inferiore ai contributi dovuti verr\u00e0 contestualmente inserito in GOMP l\u2019importo residuo, il cui pagamento dovr\u00e0 essere effettuato tramite PagoPA secondo le modalit\u00e0 e le scadenze indicate nel Bando di ammissione.<\/li>\n<\/ul>\n\t\t\t\t<\/div>\n\t\t\t<\/div>\n\t\t<\/div>\n\t\t\t<div class=\"sow-accordion-panel\n\t\t\t\t\t\"\n\t\t\t\tdata-anchor-id=\"13-e-possibile-iscriversi-ad-altri-corsi-di-studio-contemporaneamente-alliscrizione-ai-percorsi\">\n\t\t\t\t\t<div class=\"sow-accordion-panel-header-container\" role=\"heading\" aria-level=\"2\">\n\t\t\t\t\t<div class=\"sow-accordion-panel-header\" tabindex=\"0\" role=\"button\" id=\"accordion-label-13-e%e2%80%99-possibile-iscriversi-ad-altri-corsi-di-studio-contemporaneamente-all%e2%80%99iscrizione-ai-percorsi\" aria-controls=\"accordion-content-13-e%e2%80%99-possibile-iscriversi-ad-altri-corsi-di-studio-contemporaneamente-all%e2%80%99iscrizione-ai-percorsi\" aria-expanded=\"false\">\n\t\t\t\t\t\t<div class=\"sow-accordion-title sow-accordion-title-icon-left\">\n\t\t\t\t\t\t\t\t\t\t\t\t\t\t13.\tE\u2019 possibile iscriversi ad altri corsi di studio contemporaneamente all\u2019iscrizione ai percorsi?\t\t\t\t\t\t\t\t\t\t\t\t\t<\/div>\n\t\t\t\t\t\t<div class=\"sow-accordion-open-close-button\">\n\t\t\t\t\t\t\t<div class=\"sow-accordion-open-button\">\n\t\t\t\t\t\t\t\t<span class=\"sow-icon-ionicons\" data-sow-icon=\"&#xf218;\"\n\t\t \n\t\taria-hidden=\"true\"><\/span>\t\t\t\t\t\t\t<\/div>\n\t\t\t\t\t\t\t<div class=\"sow-accordion-close-button\">\n\t\t\t\t\t\t\t\t<span class=\"sow-icon-ionicons\" data-sow-icon=\"&#xf209;\"\n\t\t \n\t\taria-hidden=\"true\"><\/span>\t\t\t\t\t\t\t<\/div>\n\t\t\t\t\t\t<\/div>\n\t\t\t\t\t<\/div>\n\t\t\t\t<\/div>\n\n\t\t\t<div\n\t\t\t\tclass=\"sow-accordion-panel-content\"\n\t\t\t\trole=\"region\"\n\t\t\t\taria-labelledby=\"accordion-label-13-e%e2%80%99-possibile-iscriversi-ad-altri-corsi-di-studio-contemporaneamente-all%e2%80%99iscrizione-ai-percorsi\"\n\t\t\t\tid=\"accordion-content-13-e%e2%80%99-possibile-iscriversi-ad-altri-corsi-di-studio-contemporaneamente-all%e2%80%99iscrizione-ai-percorsi\"\n\t\t\t\tstyle=\"display: none;\"\t\t\t>\n\t\t\t\t<div class=\"sow-accordion-panel-border\">\n\t\t\t\t\t<p>La contemporanea iscrizione ad altro corso di studio \u00e8 consentita nei limiti e secondo le modalit\u00e0 indicate al D.M. 930 del 29 Luglio 2022.<\/p>\n<p>Con riferimento all\u2019art. 3 del sopracitato Decreto non \u00e8 possibile la contemporanea iscrizione ad altro corso di studio che preveda frequenza obbligatoria ad eccezione dei corsi per i quali la frequenza obbligatoria \u00e8 prevista per le sole attivit\u00e0 laboratoriali e di tirocinio.<\/p>\n<p>Pertanto:<\/p>\n<ul>\n<li>Non \u00e8 consentita la contemporanea iscrizione a due diversi percorsi attivati ai sensi del DPCM 4 agosto 2023<\/li>\n<li>Non \u00e8 consentita la contemporanea iscrizione a un percorso attivato ai sensi del DPCM 4 agosto 2023 e al Corso di Specializzazione per le attivit\u00e0 di sostegno didattico agli alunni con disabilit\u00e0 (<em>d. TFA Sostegno<\/em>)<\/li>\n<li>\u00c8 consentita la contemporanea iscrizione a un percorso attivato ai sensi del DPCM 4 agosto 2023 e al Corso di Specializzazione per le attivit\u00e0 di sostegno didattico agli alunni con disabilit\u00e0 in modalit\u00e0 abbreviata che ricomprende sole attivit\u00e0 laboratoriali e di tirocinio.<\/li>\n<\/ul>\n\t\t\t\t<\/div>\n\t\t\t<\/div>\n\t\t<\/div>\n\t\t\t<div class=\"sow-accordion-panel\n\t\t\t\t\t\"\n\t\t\t\tdata-anchor-id=\"14-cosa-comporta-laccorpamento-delle-classi-di-concorso-disposto-con-d-m-22-dicembre-2023\">\n\t\t\t\t\t<div class=\"sow-accordion-panel-header-container\" role=\"heading\" aria-level=\"2\">\n\t\t\t\t\t<div class=\"sow-accordion-panel-header\" tabindex=\"0\" role=\"button\" id=\"accordion-label-14-cosa-comporta-l%e2%80%99accorpamento-delle-classi-di-concorso-disposto-con-d-m-22-dicembre-2023\" aria-controls=\"accordion-content-14-cosa-comporta-l%e2%80%99accorpamento-delle-classi-di-concorso-disposto-con-d-m-22-dicembre-2023\" aria-expanded=\"false\">\n\t\t\t\t\t\t<div class=\"sow-accordion-title sow-accordion-title-icon-left\">\n\t\t\t\t\t\t\t\t\t\t\t\t\t\t14.\tCosa comporta l\u2019accorpamento delle classi di concorso disposto con D.M. 22 dicembre 2023?\t\t\t\t\t\t\t\t\t\t\t\t\t<\/div>\n\t\t\t\t\t\t<div class=\"sow-accordion-open-close-button\">\n\t\t\t\t\t\t\t<div class=\"sow-accordion-open-button\">\n\t\t\t\t\t\t\t\t<span class=\"sow-icon-ionicons\" data-sow-icon=\"&#xf218;\"\n\t\t \n\t\taria-hidden=\"true\"><\/span>\t\t\t\t\t\t\t<\/div>\n\t\t\t\t\t\t\t<div class=\"sow-accordion-close-button\">\n\t\t\t\t\t\t\t\t<span class=\"sow-icon-ionicons\" data-sow-icon=\"&#xf209;\"\n\t\t \n\t\taria-hidden=\"true\"><\/span>\t\t\t\t\t\t\t<\/div>\n\t\t\t\t\t\t<\/div>\n\t\t\t\t\t<\/div>\n\t\t\t\t<\/div>\n\n\t\t\t<div\n\t\t\t\tclass=\"sow-accordion-panel-content\"\n\t\t\t\trole=\"region\"\n\t\t\t\taria-labelledby=\"accordion-label-14-cosa-comporta-l%e2%80%99accorpamento-delle-classi-di-concorso-disposto-con-d-m-22-dicembre-2023\"\n\t\t\t\tid=\"accordion-content-14-cosa-comporta-l%e2%80%99accorpamento-delle-classi-di-concorso-disposto-con-d-m-22-dicembre-2023\"\n\t\t\t\tstyle=\"display: none;\"\t\t\t>\n\t\t\t\t<div class=\"sow-accordion-panel-border\">\n\t\t\t\t\t<p>La denominazione dei percorsi di formazione accreditati all\u2019Universit\u00e0 degli Studi Roma Tre non tiene conto della revisione e dell\u2019aggiornamento della tipologia delle classi di concorso per l\u2019accesso ai ruoli del personale docente della scuola secondaria di primo e di secondo grado di cui al D.M. 22 dicembre 2023. Sulla spendibilit\u00e0 del titolo di abilitazione conseguito in una delle classi di concorso interessate dalla revisione e\/o dall\u2019accorpamento di cui al D.M. 22 dicembre 2023 si rimanda alle disposizioni ministeriali in materia.<\/p>\n\t\t\t\t<\/div>\n\t\t\t<\/div>\n\t\t<\/div>\n\t\t<\/div>\n<\/div>\n<\/div><\/div><\/div><\/div><\/div><\/div>","protected":false},"excerpt":{"rendered":"<p>1. Dove posso trovare le informazioni a carattere didattico? \u00c8 possibile consultare il sito del Centro di servizio di Ateneo per la Formazione e lo &#8230; <\/p>\n","protected":false},"author":2,"featured_media":0,"parent":0,"menu_order":0,"comment_status":"closed","ping_status":"closed","template":"","meta":{"footnotes":""},"class_list":["post-513","page","type-page","status-publish","hentry"],"_links":{"self":[{"href":"https:\/\/tlcentre.uniroma3.it\/index.php?rest_route=\/wp\/v2\/pages\/513","targetHints":{"allow":["GET"]}}],"collection":[{"href":"https:\/\/tlcentre.uniroma3.it\/index.php?rest_route=\/wp\/v2\/pages"}],"about":[{"href":"https:\/\/tlcentre.uniroma3.it\/index.php?rest_route=\/wp\/v2\/types\/page"}],"author":[{"embeddable":true,"href":"https:\/\/tlcentre.uniroma3.it\/index.php?rest_route=\/wp\/v2\/users\/2"}],"replies":[{"embeddable":true,"href":"https:\/\/tlcentre.uniroma3.it\/index.php?rest_route=%2Fwp%2Fv2%2Fcomments&post=513"}],"version-history":[{"count":8,"href":"https:\/\/tlcentre.uniroma3.it\/index.php?rest_route=\/wp\/v2\/pages\/513\/revisions"}],"predecessor-version":[{"id":533,"href":"https:\/\/tlcentre.uniroma3.it\/index.php?rest_route=\/wp\/v2\/pages\/513\/revisions\/533"}],"wp:attachment":[{"href":"https:\/\/tlcentre.uniroma3.it\/index.php?rest_route=%2Fwp%2Fv2%2Fmedia&parent=513"}],"curies":[{"name":"wp","href":"https:\/\/api.w.org\/{rel}","templated":true}]}}